{"id":86,"date":"2022-07-21T13:14:52","date_gmt":"2022-07-21T11:14:52","guid":{"rendered":"https:\/\/www.wroclawskieskauty.pl\/skauty-7\/?page_id=86"},"modified":"2023-10-09T10:21:02","modified_gmt":"2023-10-09T08:21:02","slug":"rodo","status":"publish","type":"page","link":"https:\/\/www.wroclawskieskauty.pl\/skauty-7\/rodo\/","title":{"rendered":"Rodo"},"content":{"rendered":"<p>[vc_row][vc_column cms_title_size=&#8221;h2&#8243;][vc_column_text]<strong>KLAUZULA INFORMACYJNA<\/strong><\/p>\n<p>Zgodnie z art. 13 rozporz\u0105dzenia Parlamentu Europejskiego i Rady UE 2016\/679 z dnia 27 kwietnia 2016r. w sprawie ochrony os\u00f3b fizycznych w zwi\u0105zku z przetwarzaniem danych osobowych i\u00a0w\u00a0sprawie swobodnego przep\u0142ywu takich danych oraz uchylenia dyrektywy 95\/46\/WE (og\u00f3lne rozporz\u0105dzenie o ochronie danych osobowych) \u2013 zwanego dalej RODO <strong>informuj\u0119, i\u017c:<\/strong><\/p>\n<p>1. Administratorem Pa\u0144stwa danych osobowych jest Publiczne Przedszkole Wroc\u0142awskie Skauty VII, ul. Marszowicka 150, 54-078 Wroc\u0142aw.<\/p>\n<p>2. Inspektorem Ochrony Danych jest Marek Adamaszek, z kt\u00f3rym mo\u017cna si\u0119 skontaktowa\u0107 e -mailowo: iod@cuk.info.pl oraz telefonicznie: +48 608294903.<\/p>\n<p>3. Dane osobowe dzieci i rodzico\u0301w uzyskane w zwia\u0328zku z ucze\u0328szczaniem dzieci do naszej placo\u0301wki be\u0328dziemy wykorzystywac\u0301: na podstawie Pan\u0301stwa odre\u0328bnej zgody, w wyraz\u0301nie oznaczonych, odre\u0328bnych celach &#8211; np. zgoda na wykorzystanie wizerunku dziecka, (podstawa prawna: art. 6 ust. 1 lit. a RODO),\u00a0 gdy jest to niezbe\u0328dne w celu realizowania umowy, gdzie strona\u0328 jest osoba, kto\u0301rej dane dotycza\u0328 (podstawa prawna: art. 5 ust. 1 lit. b RODO),\u00a0 zgodnie z przepisami prawa w celu wykonywania dzia\u0142alnos\u0301ci placo\u0301wki os\u0301wiatowej, w szczego\u0301lnos\u0301ci na podstawie ustawy Prawo os\u0301wiatowe, ustawy o systemie os\u0301wiaty i ustawy o systemie informacji os\u0301wiatowej (podstawa prawna: art. 6 ust. 1 lit. c RODO), w celu wykonywania zadan\u0301 realizowanych w interesie publicznym \u2013 np. gromadzenie informacji o osobach odbieraja\u0328cych dzieci (podstawa prawna: art. 6 ust. 1 lit. e RODO).<\/p>\n<p>4. Podanie danych osobowych w zakresie okres\u0301lonym przepisami prawa jest niezbe\u0328dne do wykonywania przez nasza\u0328 placo\u0301wke\u0328 dzia\u0142alnos\u0301ci dydaktycznej, wychowawczej i opiekun\u0301czej. Odmowa ich podania uniemoz\u0307liwi wykonywanie tych obowia\u0328zko\u0301w przez nasza\u0328 placo\u0301wke\u0328.<\/p>\n<p>5. Podanie danych osobowych w pozosta\u0142ym zakresie jest dobrowolne, ale niezbe\u0328dne dla realizacji konkretnego s\u0301wiadczenia lub us\u0142ugi (odmowa ich podania uniemoz\u0307liwi realizacje\u0328 s\u0301wiadczenia lub us\u0142ugi). Dane dzieci b\u0119d\u0105 przechowywane nie d\u0142u\u017cej ni\u017c do uko\u0144czenia przez Pa\u0144stwa dziecko wychowywania przedszkolnego<\/p>\n<p>6. W zalez\u0307nos\u0301ci od wynikaja\u0328cej z RODO podstawy prawnej, na podstawie kto\u0301rej zebralis\u0301my dane osobowe Pan\u0301stwa lub Pan\u0301stwa dzieci, dane be\u0328dziemy wykorzystywac\u0301: \u00a0do momentu ewentualnego wycofania zgody na wykorzystanie danych osobowych (wycofanie zgody nie ma wp\u0142ywu na zgodnos\u0301c\u0301 z prawem wykorzystania danych do momentu cofnie\u0328cia zgody); \u00a0przez okres niezbe\u0328dny do realizacji wszelkich obowia\u0328zko\u0301w i ewentualnych roszczen\u0301 wynikaja\u0328cych z zawartej umowy; \u00a0przez okres wskazany w przepisach prawa; \u00a0przez okres niezbe\u0328dny dla realizacji zadania realizowanego w interesie publicznym.<\/p>\n<p>7. Pani\/Pana dane przekazuje podmiotom okre\u015blonym w przepisach prawa do kt\u00f3rych nale\u017c\u0105:<\/p>\n<ul>\n<li>Minister Edukacji Narodowej &#8211; dane przekazywane poprzez system informacji o\u015bwiatowej w zakresie wynikaj\u0105cym z przepis\u00f3w ustawy o systemie informacji o\u015bwiatowej;<\/li>\n<li>s\u0105dom, policji i innym organom i s\u0142u\u017cbom prawnie uprawnionych do ich pozyskiwania i przetwarzania w zwi\u0105zku z realizacj\u0105 swoich zada\u0144 ustawowych &#8211; je\u015bli o nie wyst\u0105pi\u0105.<\/li>\n<li>podmiotom przetwarzaj\u0105cym Wasze dane w naszym imieniu przez inne podmioty w zwi\u0105zku z realizacj\u0105 procesu nauczania, w tym: podmiotom obs\u0142uguj\u0105cym nasze systemy teleinformatyczne lub dostarczaj\u0105cym nam us\u0142ugi informatyczne, podmiotom \u015bwiadcz\u0105cym dla nas us\u0142ugi w zakresie poczty elektronicznej i innych us\u0142ug komunikacji elektronicznej.<\/li>\n<\/ul>\n<p>8. Zgodnie z przepisami prawa o ochronie danych przys\u0142uguje Pani\/Panu\u00a0 \u00a0 \u00a0 \u00a0 \u00a0 \u00a0prawo do: dost\u0119pu do tre\u015bci swoich danych oraz otrzymania ich kopii, sprostowania swoich danych, je\u015bli s\u0105 b\u0142\u0119dne (niezgodne ze stanem faktycznym), usuni\u0119cia danych (dotyczy tylko tych danych, kt\u00f3re nie s\u0105 niezb\u0119dne z punktu widzenia przepis\u00f3w prawa),ograniczenia przetwarzania, przy czym przepisy odr\u0119bne mog\u0105 wy\u0142\u0105czy\u0107 mo\u017cliwo\u015b\u0107 skorzystania z tego prawa, wycofania zgody na przetwarzanie danych, kt\u00f3rych podstaw\u0105 przetwarzania by\u0142a wyra\u017cona wcze\u015bniej zgoda, oraz prawo do wniesienia skargi do Prezesa UODO na niezgodne z prawem przetwarzanie Pani danych.<\/p>\n<p>9. Podanie przez\u00a0 Pa\u0144stwa\u00a0 danych\u00a0 osobowych\u00a0 jest\u00a0 dobrowolne,\u00a0 jednak\u017ce\u00a0 w\u00a0 przypadku\u00a0 ich nie podania nie b\u0119dzie mo\u017cliwa realizacja cel\u00f3w przetwarzania.[\/vc_column_text][\/vc_column][\/vc_row]<\/p>\n","protected":false},"excerpt":{"rendered":"<p>[vc_row][vc_column cms_title_size=&#8221;h2&#8243;][vc_column_text]KLAUZULA INFORMACYJNA Zgodnie z art. 13 rozporz\u0105dzenia Parlamentu Europejskiego i Rady UE 2016\/679 z dnia 27 kwietnia 2016r. w sprawie ochrony os\u00f3b fizycznych w zwi\u0105zku z przetwarzaniem danych osobowych i\u00a0w\u00a0sprawie swobodnego przep\u0142ywu takich danych oraz uchylenia dyrektywy 95\/46\/WE (og\u00f3lne rozporz\u0105dzenie o ochronie danych osobowych) \u2013 zwanego dalej RODO informuj\u0119, i\u017c: 1. Administratorem Pa\u0144stwa danych [&hellip;]<\/p>\n","protected":false},"author":1,"featured_media":0,"parent":0,"menu_order":0,"comment_status":"closed","ping_status":"closed","template":"","meta":{"footnotes":""},"class_list":["post-86","page","type-page","status-publish","hentry"],"acf":[],"_links":{"self":[{"href":"https:\/\/www.wroclawskieskauty.pl\/skauty-7\/wp-json\/wp\/v2\/pages\/86","targetHints":{"allow":["GET"]}}],"collection":[{"href":"https:\/\/www.wroclawskieskauty.pl\/skauty-7\/wp-json\/wp\/v2\/pages"}],"about":[{"href":"https:\/\/www.wroclawskieskauty.pl\/skauty-7\/wp-json\/wp\/v2\/types\/page"}],"author":[{"embeddable":true,"href":"https:\/\/www.wroclawskieskauty.pl\/skauty-7\/wp-json\/wp\/v2\/users\/1"}],"replies":[{"embeddable":true,"href":"https:\/\/www.wroclawskieskauty.pl\/skauty-7\/wp-json\/wp\/v2\/comments?post=86"}],"version-history":[{"count":7,"href":"https:\/\/www.wroclawskieskauty.pl\/skauty-7\/wp-json\/wp\/v2\/pages\/86\/revisions"}],"predecessor-version":[{"id":401,"href":"https:\/\/www.wroclawskieskauty.pl\/skauty-7\/wp-json\/wp\/v2\/pages\/86\/revisions\/401"}],"wp:attachment":[{"href":"https:\/\/www.wroclawskieskauty.pl\/skauty-7\/wp-json\/wp\/v2\/media?parent=86"}],"curies":[{"name":"wp","href":"https:\/\/api.w.org\/{rel}","templated":true}]}}